{"id":24846745,"date":"2024-03-18T17:30:56","date_gmt":"2024-03-18T17:30:56","guid":{"rendered":"https:\/\/labplus.uy\/noticias\/"},"modified":"2025-10-01T13:05:05","modified_gmt":"2025-10-01T16:05:05","slug":"noticias","status":"publish","type":"page","link":"https:\/\/labplus.uy\/es\/noticias\/","title":{"rendered":"Noticias"},"content":{"rendered":"<p>[et_pb_section fb_built=\u00bb1&#8243; _builder_version=\u00bb4.24.2&#8243; _module_preset=\u00bbdefault\u00bb custom_padding=\u00bb5%||5%||false|false\u00bb global_colors_info=\u00bb{}\u00bb][et_pb_row _builder_version=\u00bb4.24.2&#8243; _module_preset=\u00bbdefault\u00bb max_width=\u00bb80%\u00bb custom_margin=\u00bb0px|auto||auto|false|false\u00bb custom_padding=\u00bb0px||0px||false|false\u00bb global_colors_info=\u00bb{}\u00bb][et_pb_column type=\u00bb4_4&#8243; _builder_version=\u00bb4.16&#8243; _module_preset=\u00bbdefault\u00bb global_colors_info=\u00bb{}\u00bb][et_pb_text module_id=\u00bbwhoweare\u00bb _builder_version=\u00bb4.16&#8243; _module_preset=\u00bbdefault\u00bb header_font=\u00bbPoppins|700|||||||\u00bb header_text_color=\u00bb#005481&#8243; header_font_size=\u00bb37px\u00bb custom_margin=\u00bb0px||10px||false|false\u00bb header_font_size_tablet=\u00bb\u00bb header_font_size_phone=\u00bb30px\u00bb header_font_size_last_edited=\u00bbon|phone\u00bb global_colors_info=\u00bb{}\u00bb header_font_size__hover_enabled=\u00bbon|desktop\u00bb header_font_size__hover=\u00bb37px\u00bb]<\/p>\n<h1>Noticias<\/h1>\n<p>[\/et_pb_text][\/et_pb_column][\/et_pb_row][et_pb_row _builder_version=\u00bb4.24.2&#8243; _module_preset=\u00bbdefault\u00bb max_width=\u00bb80%\u00bb scroll_vertical_motion=\u00bb0|10|10|21|1|0|0&#8243; scroll_fade=\u00bb0|9|9|21|0|40%|100&#8243; global_colors_info=\u00bb{}\u00bb][et_pb_column type=\u00bb4_4&#8243; _builder_version=\u00bb4.16&#8243; _module_preset=\u00bbdefault\u00bb global_colors_info=\u00bb{}\u00bb][et_pb_blog fullwidth=\u00bboff\u00bb posts_number=\u00bb3&#8243; include_categories=\u00bb35&#8243; excerpt_length=\u00bb350&#8243; show_more=\u00bbon\u00bb show_author=\u00bboff\u00bb show_categories=\u00bboff\u00bb _builder_version=\u00bb4.24.2&#8243; _module_preset=\u00bbdefault\u00bb header_font=\u00bbPoppins|700|||||||\u00bb body_font=\u00bbPoppins|300|||||||\u00bb meta_font=\u00bbPoppins|300|||||||\u00bb meta_text_color=\u00bb#e0e0e0&#8243; meta_line_height=\u00bb1.9em\u00bb read_more_font=\u00bbPoppins|600|||||||\u00bb pagination_font=\u00bbPoppins||||||||\u00bb pagination_font_size=\u00bb1.2em\u00bb text_orientation=\u00bbleft\u00bb custom_margin=\u00bb||||false|false\u00bb link_option_url_new_window=\u00bbon\u00bb global_colors_info=\u00bb{}\u00bb][\/et_pb_blog][\/et_pb_column][\/et_pb_row][et_pb_row _builder_version=\u00bb4.27.4&#8243; _module_preset=\u00bbdefault\u00bb global_colors_info=\u00bb{}\u00bb][et_pb_column type=\u00bb4_4&#8243; _builder_version=\u00bb4.27.4&#8243; _module_preset=\u00bbdefault\u00bb global_colors_info=\u00bb{}\u00bb][et_pb_text _builder_version=\u00bb4.27.4&#8243; _module_preset=\u00bbdefault\u00bb global_colors_info=\u00bb{}\u00bb]<\/p>\n<h2 style=\"text-align: center;\">Le\u00e9 la segunda edici\u00f3n de nuestra newsletter <a href=\"https:\/\/mailchi.mp\/1195cdcddb0f\/primera-newsletter-de-lab-company-builder-542781\"><span style=\"color: #005481;\">aqu\u00ed<\/span><\/a><span style=\"font-size: 16px;\">.<\/span><\/h2>\n<p>[\/et_pb_text][et_pb_image src=\u00bbhttps:\/\/labplus.uy\/wp-content\/uploads\/2025\/10\/news-2.png\u00bb title_text=\u00bbSegunda newsletter\u00bb url=\u00bbhttps:\/\/mailchi.mp\/1195cdcddb0f\/primera-newsletter-de-lab-company-builder-542781&#8243; _builder_version=\u00bb4.27.4&#8243; _module_preset=\u00bbdefault\u00bb global_colors_info=\u00bb{}\u00bb][\/et_pb_image][\/et_pb_column][\/et_pb_row][et_pb_row _builder_version=\u00bb4.27.4&#8243; _module_preset=\u00bbdefault\u00bb global_colors_info=\u00bb{}\u00bb][et_pb_column type=\u00bb4_4&#8243; _builder_version=\u00bb4.27.4&#8243; _module_preset=\u00bbdefault\u00bb global_colors_info=\u00bb{}\u00bb][et_pb_text _builder_version=\u00bb4.27.4&#8243; _module_preset=\u00bbdefault\u00bb global_colors_info=\u00bb{}\u00bb]<\/p>\n<h2 style=\"text-align: center;\"><span style=\"font-size: large;\">Le\u00e9 la primera edici\u00f3n de la newsletter <span style=\"color: #005481;\"><a style=\"color: #005481;\" href=\"https:\/\/mailchi.mp\/58dc99717b18\/primera-newsletter-de-lab-company-builder-542648\">aqu\u00ed<\/a><\/span>.<\/span><\/h2>\n<p><\/p>\n<p>&nbsp;<\/p>\n<p>[\/et_pb_text][et_pb_heading title=\u00bbLAB+ en los medios:\u00bb _builder_version=\u00bb4.27.4&#8243; _module_preset=\u00bbdefault\u00bb title_text_align=\u00bbcenter\u00bb title_text_color=\u00bb#0861aa\u00bb global_colors_info=\u00bb{}\u00bb][\/et_pb_heading][\/et_pb_column][\/et_pb_row][et_pb_row _builder_version=\u00bb4.24.2&#8243; _module_preset=\u00bbdefault\u00bb max_width=\u00bb80%\u00bb custom_padding=\u00bb0px||0px||false|false\u00bb global_colors_info=\u00bb{}\u00bb][et_pb_column type=\u00bb4_4&#8243; _builder_version=\u00bb4.24.2&#8243; _module_preset=\u00bbdefault\u00bb global_colors_info=\u00bb{}\u00bb][et_pb_toggle title=\u00bbNacionales\u00bb open_toggle_background_color=\u00bbRGBA(255,255,255,0)\u00bb closed_toggle_background_color=\u00bbRGBA(255,255,255,0)\u00bb icon_color=\u00bb#000000&#8243; use_icon_font_size=\u00bbon\u00bb open_icon_color=\u00bb#000000&#8243; open_use_icon_font_size=\u00bbon\u00bb _builder_version=\u00bb4.27.4&#8243; _module_preset=\u00bbdefault\u00bb title_font_size=\u00bb1.2em\u00bb closed_title_font=\u00bbPoppins||||||||\u00bb body_font=\u00bbPoppins||||||||\u00bb body_font_size=\u00bb1.2em\u00bb global_colors_info=\u00bb{}\u00bb]<\/p>\n<p>Radio Sarand\u00ed &#8211; <a href=\"https:\/\/www.sarandi690.com.uy\/2025\/06\/26\/garrapata-promisoria-vacuna-uruguaya\/\">Entrevista con Mat\u00edas Machado sobre la vacuna de Scaffold Biotech contra la garrapata<\/a><\/p>\n<p><\/p>\n<p>El Pa\u00eds &#8211; <a href=\"https:\/\/rurales.elpais.com.uy\/agro\/las-cinco-claves-de-la-vacuna-uruguaya-que-podria-cambiar-la-historia-del-combate-a-la-garrapata\">Las cinco claves de la vacuna uruguaya que podr\u00eda cambiar el combate contra la garrapata<\/a><\/p>\n<p><\/p>\n<p>Radio Sarand\u00ed &#8211; <a href=\"https:\/\/www.sarandi690.com.uy\/2025\/06\/17\/carlos-batthyany-sobre-el-farmaco-uruguayo-contra-la-obesidad-le-hace-pensar-al-tejido-adiposo-que-esta-expuesto-al-frio-y-le-hace-quemar-grasa\/\">Carlos Batthy\u00e1ny habla sobre LAB+, la vacuna desarrollada por Scaffold Biotech, y el f\u00e1rmaco de Eolo Pharma<\/a><\/p>\n<p><\/p>\n<p>InfoNegocios &#8211; <a href=\"https:\/\/infonegocios.biz\/plus\/startup-uruguaya-dedicada-al-diagnostico-temprano-de-cancer-suma-a-un-ex-dlocal-como-ceo-y-busca-inversores\">Startup uruguaya dedicada al diagn\u00f3stico precoz del c\u00e1ncer suma a un ex miembro de dLocal como CEO<\/a><\/p>\n<p><\/p>\n<p>Forbes Uruguay &#8211;\u00a0<a href=\"https:\/\/www.forbesuruguay.com\/innovacion\/carlos-batthyany-logramos-objetivo-tener-mas-dinero-hacer-mejor-ciencia-n59453\">Entrevista a Carlos Batthy\u00e1ny sobre LAB+ y el Institut Pasteur de Montevideo<\/a><\/p>\n<p><\/p>\n<p>B\u00fasqueda &#8211; <a href=\"https:\/\/www.busqueda.com.uy\/informacion\/lab-institut-pasteur-lanza-segundo-llamado-y-apunta-convertir-esta-experiencia-una-politica-estado-n5392610\">Llamado internacional a start-ups, entrevista a Carlos Batthy\u00e1ny y Paul Elberse<\/a><\/p>\n<p><\/p>\n<p>En Perspectiva &#8211;\u00a0<a href=\"https:\/\/www.ivoox.com\/entrevista-felipe-trajtenberg-locbio-reprograma-bacterias-para-audios-mp3_rf_126120998_1.html\">Felipe Trajtenberg, de LocBio: reprogramar bacterias para tratar el c\u00e1ncer colorrectal<\/a><\/p>\n<p><\/p>\n<p>La Diaria &#8211;\u00a0<a href=\"https:\/\/ladiaria.com.uy\/ciencia\/articulo\/2024\/3\/que-buscan-desarrollar-las-cuatro-primeras-startups-de-la-aceleradora-lab-del-institut-pasteur-de-montevideo\/\"> \u00bfQu\u00e9 buscan desarrollar las cuatro primeras startups de la aceleradora LAB+ del Institut Pasteur de Montevideo?<\/a><\/p>\n<p><\/p>\n<p>Telemundo\u00a0 (Channel 12) &#8211;<a href=\"https:\/\/mipais.com.uy\/compartirArticulo.php?usre=Z3ZpbGxh&amp;pid=dmlkZW9fMTIwOTE4LTE1LTEtMTEwMzIwMjQ=\"> Scaffold Biotech: vacunas m\u00e1s eficientes para animales<\/a><\/p>\n<p><\/p>\n<p>En Perspectiva \u2013\u00a0<a href=\"https:\/\/soundcloud.com\/en-perspectiva-uy\/entrevista-carlos-batthyany-y-gonzalo-moratorio-como-lograr-inversiones-para-la-ciencia?utm_source=clipboard&amp;utm_campaign=wtshare&amp;utm_medium=widget&amp;utm_content=https%253A%252F%252Fsoundcloud.com%252Fen-perspectiva-uy%252Fentrevista-carlos-batthyany-y-gonzalo-moratorio-como-lograr-inversiones-para-la-ciencia\">Director del Institut Pasteur de Montevideo habla sobre el LAB+ y Gonzalo Moratorio explica la ciencia detr\u00e1s de la start-up Guska<\/a><\/p>\n<p><\/p>\n<p>Subrayado (Channel 10) &#8211;\u00a0<a href=\"https:\/\/mipais.com.uy\/compartirArticulo.php?usre=Z3ZpbGxh&amp;pid=dmlkZW9fMTIwMDYxLTExLTE1LTIyMDIyMDI0\">LAB+ cerr\u00f3 su primera ronda de financiaci\u00f3n<\/a><\/p>\n<p><\/p>\n<p>Radio Carve &#8211;\u00a0<a href=\"https:\/\/carve850.com.uy\/2024\/03\/07\/director-del-institut-pasteur-por-que-seria-importante-que-uruguay-llegue-a-un-acuerdo-nacional-sobre-ciencia-con-miras-a-30-anos\/\">Director del Institut Pasteur de Montevideo habla sobre el LAB+<\/a><\/p>\n<p><\/p>\n<p>La Diaria &#8211;\u00a0<a href=\"https:\/\/ladiaria.com.uy\/ciencia\/articulo\/2024\/3\/del-fusca-al-ferrari-conversando-con-las-cuatro-primeras-startups-biotecnologicas-financiadas-por-lab-del-institut-pasteur\/\">Conversando con las primeras cuatro start-ups biotecnol\u00f3gicas financiadas por el LAB+ del Institut Pasteur de Montevideo<\/a><\/p>\n<p><\/p>\n<p>El Pa\u00eds (Business) &#8211;\u00a0<a href=\"https:\/\/mipais.com.uy\/compartirArticulo.php?usre=Z3ZpbGxh&amp;pid=bm90aWNpYV9OQS0yNDAyNjY0LVVZLTA3MDMyMDI0\">Institut Pasteur de Montevideo present\u00f3 sus primeras cuatro start-ups<\/a><\/p>\n<p><\/p>\n<p>Uruguay XXI &#8211;\u00a0<a href=\"https:\/\/www.uruguayxxi.gub.uy\/es\/noticias\/articulo\/institut-pasteur-de-montevideo-presento-las-primeras-cuatro-startups-biotecnologicas-de-su-company-builder-lab\/\">Institut Pasteur de Montevideo present\u00f3 las primeras cuatro start-ups del LAB+<\/a><\/p>\n<p><\/p>\n<p>Telenoche (Channel 4) &#8211;\u00a0<a href=\"https:\/\/mipais.com.uy\/compartirArticulo.php?usre=Z3ZpbGxh&amp;pid=dmlkZW9fMTIwMzIzLTExLTQtMDMwMzIwMjQ=\">Juan Pablo Tosar explic\u00f3 de qu\u00e9 se trata la start-up B4-RNA<\/a><\/p>\n<p><\/p>\n<p>Ambito \u2013\u00a0<a href=\"https:\/\/www.ambito.com\/uruguay\/el-institut-pasteur-invertira-us-25m-startups-as-n5951868\">El LAB+, del Institut Pasteur de Montevideo, lograr\u00e1 inversiones de US$ 25M en start-ups uruguayas<\/a><\/p>\n<p><\/p>\n<p>El Observador \u2013\u00a0<a href=\"https:\/\/www.elobservador.com.uy\/nota\/cuatro-startups-del-institut-pasteur-consiguieron-financiamiento-por-us-5-millones-cuales-son--202422218250\">Cuatro start-ups del LAB+ consiguieron financiamiento por US$ 5 millones, \u00bfcu\u00e1les son?<\/a><\/p>\n<p><\/p>\n<p>Telenoche (Channel 4) \u2013\u00a0<a href=\"https:\/\/www.telenoche.com.uy\/nacionales\/instituto-pasteur-presento-su-iniciativa-lab-venture-builder\">El Institut Pasteur de Montevideo present\u00f3 su iniciativa LAB+<\/a><\/p>\n<p><\/p>\n<p>Montevideo Portal &#8211;\u00a0<a href=\"https:\/\/www.montevideo.com.uy\/Ciencia-y-Tecnologia\/El-Institut-Pasteur-presenta-programa-para-apoyar-a-empresas-cientifico-tecnologicas-uc782803\">El Institut Pasteur de Montevideo present\u00f3 un programa para apoyar compa\u00f1ias cient\u00edfico-tecnol\u00f3gicas<\/a><\/p>\n<p>[\/et_pb_toggle][et_pb_toggle title=\u00bbInternacionales\u00bb open_toggle_background_color=\u00bbRGBA(255,255,255,0)\u00bb closed_toggle_background_color=\u00bbRGBA(255,255,255,0)\u00bb icon_color=\u00bb#000000&#8243; use_icon_font_size=\u00bbon\u00bb open_icon_color=\u00bb#000000&#8243; open_use_icon_font_size=\u00bbon\u00bb _builder_version=\u00bb4.27.4&#8243; _module_preset=\u00bbdefault\u00bb title_font_size=\u00bb1.2em\u00bb closed_title_font=\u00bbPoppins||||||||\u00bb body_font=\u00bbPoppins||||||||\u00bb body_font_size=\u00bb1.2em\u00bb global_colors_info=\u00bb{}\u00bb]<\/p>\n<p>El Ecosistema Startup &#8211;\u00a0<a href=\"https:\/\/ecosistemastartup.com\/vacuna-contra-la-garrapata-revolucion-en-la-biotecnologia\/\">La vacuna contra la garrapata que desarrolla Scaffold Biotech<\/a><\/p>\n<p><\/p>\n<p>Infobae &#8211;\u00a0<a href=\"https:\/\/www.infobae.com\/america\/america-latina\/2025\/05\/08\/cientificos-uruguayos-desarrollan-vacuna-contra-la-garrapata-que-provoca-una-emergencia-en-el-agro\/\">Cient\u00edficos uruguayos desarrollan una vacuna contra la garrapata<\/a><\/p>\n<p><\/p>\n<p>Yale Podcasts &#8211; <a href=\"https:\/\/yalepodcasts.blubrry.net\/2025\/01\/06\/how-science-can-shape-policy-and-prepare-us-for-whats-next-an-interview-with-dr-gonzalo-moratorio\/\">Entrevista con Gonzalo Moratorio, fundador de Guska<\/a><\/p>\n<p><\/p>\n<p>Tekios &#8211;\u00a0<a href=\"https:\/\/www.swissinfo.ch\/spa\/instituto-pasteur-uruguayo-apoyar%C3%A1-a-cient%C3%ADficos-del-mundo-con-proyectos-disruptivos\/86222909\">Llamado internacional de LAB+ a proyectos y start-ups cient\u00edficas<\/a><\/p>\n<p><\/p>\n<p>SwissInfo &#8211;\u00a0<a href=\"https:\/\/www.swissinfo.ch\/spa\/instituto-pasteur-uruguayo-apoyar%C3%A1-a-cient%C3%ADficos-del-mundo-con-proyectos-disruptivos\/86222909\">Llamado internacional de LAB+ a proyectos y start-ups cient\u00edficas<\/a><\/p>\n<p><\/p>\n<p>Latin American Post &#8211;\u00a0<a href=\"https:\/\/latinamericanpost.com\/business-and-finance\/lab-pioneers-a-new-era-of-scientific-startups-in-uruguay-and-beyond\/\">LAB+ es pionero de una nueva era de start-ups cient\u00edficas en Uruguay y m\u00e1s all\u00e1<\/a><\/p>\n<p><\/p>\n<p>Infobae \u2013\u00a0<a href=\"https:\/\/www.infobae.com\/america\/agencias\/2024\/02\/22\/con-cuatro-startups-el-instituto-pasteur-de-montevideo-lanza-la-desarrolladora-lab\/\">LAB+ cerr\u00f3 su primera ronda de financiamiento para start-ups<\/a><\/p>\n<p><\/p>\n<p>EFE &#8211;\u00a0<a href=\"https:\/\/efs.efeservicios.com\/texto\/startups-instituto-pasteur-montevideo-lanza-desarrolladora-lab\/18011254694\">El Institut Pasteur de Montevideo present\u00f3 el LAB+, con cuatro start-ups<\/a><\/p>\n<p><\/p>\n<p>Investing &#8211;\u00a0<a href=\"https:\/\/es.investing.com\/news\/forex-news\/con-cuatro-startups-el-instituto-pasteur-de-montevideo-lanza-la-desarrolladora-lab-2578361?ampMode=1\">El Institut Pasteur de Montevideo lanz\u00f3 la iniciativa LAB+<\/a><\/p>\n<p><\/p>\n<p>ABC (Paraguay) &#8211;\u00a0<a href=\"https:\/\/www.abc.com.py\/ciencia\/2024\/02\/22\/con-cuatro-startups-el-instituto-pasteur-de-montevideo-lanza-la-desarrolladora-lab\/\">Con cuatro start-ups, el Institut Pasteur de Montevideo lanz\u00f3 el LAB+<\/a><\/p>\n<p><\/p>\n<p>Bloomberg &#8211;\u00a0<a href=\"https:\/\/www.bloomberg.com\/news\/articles\/2023-05-25\/new-venture-capital-fund-eyes-latin-american-science-startups\">Nuevo fondo de capital de riesgo tiene en la mira a start-ups cient\u00edficas de Latinoam\u00e9rica<\/a><\/p>\n<p><\/p>\n<p>Bloomberg online &#8211;\u00a0<a href=\"https:\/\/www.bloomberglinea.com\/2023\/05\/26\/nuevo-fondo-de-capital-riesgo-pone-su-mira-en-startups-cientificas-latinoamericanas\/\">Nuevo fondo de capital de riesgo tiene en la mira a start-ups cient\u00edficas de Latinoam\u00e9rica<\/a><\/p>\n<p><\/p>\n<p>Perfil \u2013\u00a0<a href=\"https:\/\/www.perfil.com\/noticias\/bloomberg\/bc-nuevo-fondo-capital-de-riesgo-apunta-a-ciencia-en-latinoamerica.phtml\">Un nuevo fondo de capital de riesgo \u00a0apunta a la ciencia latinoamericana<\/a><\/p>\n<p><\/p>\n<p>iProUP &#8211;\u00a0<a href=\"https:\/\/www.iproup.com\/innovacion\/12102-ficus-capital-fondo-biotecnologico-busca-unicornios-en-america-latina\">Apoyo a start-ups: Ficus Capital, fondo biotecnol\u00f3gico, busca unicornios en Am\u00e9rica Latina<\/a><\/p>\n<p><\/p>\n<p>Yahoo Finances \u2013\u00a0<a href=\"https:\/\/es.finance.yahoo.com\/noticias\/fondo-riesgo-biotecnol%C3%B3gico-busca-unicornios-124442627.html?guce_referrer=aHR0cHM6Ly93d3cuZ29vZ2xlLmNvbS8&amp;guce_referrer_sig=AQAAADxO0LlznmS-uePfqSjoF8vFwJb2yV8G9NxIfCL6ZZiDTLSZgStnZIcOkEAqgmxGq9V7IPZaRabA0Lz9pFrrPtx98EoX5POLeTnwts40txZXp2orny3UeGqiMIlSOUbTf91CJ3_zx-73sU3Hrz1shnQZaMbbSXFAo8PjBC3sDucD&amp;guccounter=2\">Fondo biotecnol\u00f3gico busca unicornios en Latam<\/a><\/p>\n<p>[\/et_pb_toggle][\/et_pb_column][\/et_pb_row][\/et_pb_section]<\/p>\n","protected":false},"excerpt":{"rendered":"<p>NoticiasLe\u00e9 la segunda edici\u00f3n de nuestra newsletter aqu\u00ed.Le\u00e9 la primera edici\u00f3n de la newsletter aqu\u00ed.&nbsp;Radio Sarand\u00ed &#8211; Entrevista con Mat\u00edas Machado sobre la vacuna de Scaffold Biotech contra la garrapataEl Pa\u00eds &#8211; Las cinco claves de la vacuna uruguaya que podr\u00eda cambiar el combate contra la garrapataRadio Sarand\u00ed &#8211; Carlos Batthy\u00e1ny habla sobre LAB+, la [&hellip;]<\/p>\n","protected":false},"author":7,"featured_media":0,"parent":0,"menu_order":0,"comment_status":"closed","ping_status":"closed","template":"","meta":{"_acf_changed":false,"_et_pb_use_builder":"on","_et_pb_old_content":"","_et_gb_content_width":"","_monsterinsights_skip_tracking":false,"_monsterinsights_sitenote_active":false,"_monsterinsights_sitenote_note":"","_monsterinsights_sitenote_category":0,"footnotes":""},"class_list":["post-24846745","page","type-page","status-publish","hentry"],"acf":[],"_links":{"self":[{"href":"https:\/\/labplus.uy\/es\/wp-json\/wp\/v2\/pages\/24846745","targetHints":{"allow":["GET"]}}],"collection":[{"href":"https:\/\/labplus.uy\/es\/wp-json\/wp\/v2\/pages"}],"about":[{"href":"https:\/\/labplus.uy\/es\/wp-json\/wp\/v2\/types\/page"}],"author":[{"embeddable":true,"href":"https:\/\/labplus.uy\/es\/wp-json\/wp\/v2\/users\/7"}],"replies":[{"embeddable":true,"href":"https:\/\/labplus.uy\/es\/wp-json\/wp\/v2\/comments?post=24846745"}],"version-history":[{"count":5,"href":"https:\/\/labplus.uy\/es\/wp-json\/wp\/v2\/pages\/24846745\/revisions"}],"predecessor-version":[{"id":24849122,"href":"https:\/\/labplus.uy\/es\/wp-json\/wp\/v2\/pages\/24846745\/revisions\/24849122"}],"wp:attachment":[{"href":"https:\/\/labplus.uy\/es\/wp-json\/wp\/v2\/media?parent=24846745"}],"curies":[{"name":"wp","href":"https:\/\/api.w.org\/{rel}","templated":true}]}}